{"id":2142,"date":"2022-11-25T12:00:57","date_gmt":"2022-11-25T11:00:57","guid":{"rendered":"https:\/\/www.uap-org.be\/supporting-members\/"},"modified":"2024-10-24T21:00:12","modified_gmt":"2024-10-24T19:00:12","slug":"supporting-members","status":"publish","type":"page","link":"https:\/\/www.uap-org.be\/nl\/supporting-members\/","title":{"rendered":"Sympathiserende leden"},"content":{"rendered":"\n<div class=\"wp-block-columns is-layout-flex wp-container-core-columns-is-layout-9d6595d7 wp-block-columns-is-layout-flex\">\n<div class=\"wp-block-column is-layout-flow wp-block-column-is-layout-flow\" style=\"flex-basis:80%\">\n<p>Als onze actie vooral gebaseerd is op de betrokkenheid van de ambachtslieden zelf, heeft onze organisatie het geluk te kunnen profiteren van de steun van mensen en bedrijven die graag <a href=\"https:\/\/www.uap-org.be\/nl\/taken\/\">de missies<\/a> die de onze zijn willen verdedigen en promoten, zelfs als hun professionele activiteiten niet strikt verband houden met naar ambachten zoals beoefend door de volwaardige leden. Dit zijn de mensen en bedrijven die wij <strong>sympathiserende leden<\/strong> noemen.<\/p>\n<\/div>\n\n\n\n<div class=\"wp-block-column is-vertically-aligned-center is-layout-flow wp-block-column-is-layout-flow\" style=\"flex-basis:33.33%\">\n<div class=\"wp-block-buttons is-content-justification-center is-layout-flex wp-container-core-buttons-is-layout-16018d1d wp-block-buttons-is-layout-flex\">\n<div class=\"wp-block-button is-style-outline is-style-outline--1\"><a class=\"wp-block-button__link wp-element-button\" href=\"https:\/\/www.uap-org.be\/nl\/lid-worden\/\">Steunend lid worden \u21a0<\/a><\/div>\n<\/div>\n<\/div>\n<\/div>\n\n\n\n<div class=\"wp-block-group is-style-with-shadow\"><div class=\"wp-block-group__inner-container is-layout-constrained wp-block-group-is-layout-constrained\">\n<div class=\"wp-block-columns is-layout-flex wp-container-core-columns-is-layout-9d6595d7 wp-block-columns-is-layout-flex\">\n<div class=\"wp-block-column is-layout-flow wp-block-column-is-layout-flow\">\n<p class=\"has-medium-font-size\">Jean-Franz ABRAHAM<\/p>\n\n\n\n<p class=\"has-text-align-left has-mid-gold-color has-text-color\">Beroepen van aarde en steen<\/p>\n<\/div>\n\n\n\n<div class=\"wp-block-column is-layout-flow wp-block-column-is-layout-flow\">\n<p class=\"has-text-align-right\" style=\"font-size:14px\">Henegouwen<\/p>\n\n\n\n<p class=\"has-text-align-right\" style=\"font-size:14px\">Rue Haute Folie 19<br>B-7062 Naast<br>telefoon : <a href=\"tel:+3267341400\">+32 6 734 14 00<\/a><br>email :\u00a0<a href=\"mailto:jean-franz.abraham@skynet.be\">jean-franz.abraham@skynet.be<\/a><\/p>\n<\/div>\n<\/div>\n<\/div><\/div>\n\n\n\n<div class=\"wp-block-group is-style-with-shadow\"><div class=\"wp-block-group__inner-container is-layout-constrained wp-block-group-is-layout-constrained\">\n<div class=\"wp-block-columns is-layout-flex wp-container-core-columns-is-layout-9d6595d7 wp-block-columns-is-layout-flex\">\n<div class=\"wp-block-column is-layout-flow wp-block-column-is-layout-flow\">\n<p class=\"has-medium-font-size\">S\u00e9bastien PETIT<\/p>\n\n\n\n<p class=\"has-text-align-left has-mid-gold-color has-text-color\">Architect gespecialiseerd in patrimonium<\/p>\n<\/div>\n\n\n\n<div class=\"wp-block-column is-layout-flow wp-block-column-is-layout-flow\">\n<p class=\"has-text-align-right\" style=\"font-size:14px\">Brussel<\/p>\n\n\n\n<p class=\"has-text-align-right\" style=\"font-size:14px\">Avenue de Tervueren 77<br>B-1040 Bruxelles telefoon: <a href=\"tel:+32 2 735 83 09\">+32 2 735 83 09<\/a><br>email :\u00a0<a href=\"mailto:s.petit@trioarchitecture.be\" target=\"_blank\" rel=\"noreferrer noopener\">s.petit@trioarchitecture.be<\/a><br>Website : <a href=\"https:\/\/www.trioarchitecture.be\/\" target=\"_blank\" rel=\"noreferrer noopener\">https:\/\/www.trioarchitecture.be\/<\/a><\/p>\n<\/div>\n<\/div>\n<\/div><\/div>\n\n\n\n<div class=\"wp-block-group is-style-with-shadow\"><div class=\"wp-block-group__inner-container is-layout-constrained wp-block-group-is-layout-constrained\">\n<div class=\"wp-block-columns is-layout-flex wp-container-core-columns-is-layout-9d6595d7 wp-block-columns-is-layout-flex\">\n<div class=\"wp-block-column is-layout-flow wp-block-column-is-layout-flow\">\n<p class=\"has-medium-font-size\">Ingrid BAUDOIN<\/p>\n\n\n\n<p class=\"has-text-align-left has-mid-gold-color has-text-color\">Meubels schilderen, illustrator, polychromie, fabricatie van natuurlijke verven<\/p>\n<\/div>\n\n\n\n<div class=\"wp-block-column is-layout-flow wp-block-column-is-layout-flow\">\n<p class=\"has-text-align-right\" style=\"font-size:14px\">Namen<\/p>\n\n\n\n<p class=\"has-text-align-right\" style=\"font-size:14px\">Rue des Co\u00fbres 20<br> B-5580 Buissonville GSM : <a href=\"tel:+32472510616\">+32 472 51 06 16<\/a><br> email : <a href=\"mailto:info@ingridbaudoin.be\">info@ingridbaudoin.be<\/a><br> Website : <a href=\"http:\/\/www.ingridbaudoin.be\/\">http:\/\/www.ingridbaudoin.be\/<\/a><\/p>\n<\/div>\n<\/div>\n<\/div><\/div>\n\n\n\n<div class=\"wp-block-group is-style-with-shadow\"><div class=\"wp-block-group__inner-container is-layout-constrained wp-block-group-is-layout-constrained\">\n<div class=\"wp-block-columns is-layout-flex wp-container-core-columns-is-layout-9d6595d7 wp-block-columns-is-layout-flex\">\n<div class=\"wp-block-column is-layout-flow wp-block-column-is-layout-flow\">\n<p class=\"has-medium-font-size\">Jean-Pierre BAL<\/p>\n\n\n\n<p class=\"has-text-align-left has-mid-gold-color has-text-color\">Reiskoffermaker, directeur van hogeschool<\/p>\n\n\n\n<p><\/p>\n<\/div>\n\n\n\n<div class=\"wp-block-column is-layout-flow wp-block-column-is-layout-flow\">\n<p class=\"has-text-align-right\" style=\"font-size:14px\">Frankrijk<\/p>\n\n\n\n<p class=\"has-text-align-right\" style=\"font-size:14px\">Ecole des Malletiers Par\u00e9 &amp; Gilbert -INSIL<br>Charleville- M\u00e9zi\u00e8res<\/p>\n\n\n\n<p class=\"has-text-align-right\" style=\"font-size:14px\">GSM : <a href=\"tel:+33 324 52 67 98\">+33 324 52 67 98<\/a><br> GSM : <a href=\"tel:+32 476 62 12 03\">+32 476 62 12 03<\/a><br> email : <a href=\"mailto:info@insil.fr\" target=\"_blank\" rel=\"noreferrer noopener\">info@insil.fr<\/a><br> Website : <a href=\"http:\/\/www.ingridbaudoin.be\/\">\u00a0\u00a0<\/a><a href=\"http:\/\/www.ecole-malletiers.eu\/\" target=\"_blank\" rel=\"noreferrer noopener\">www.ecole-malletiers.eu<\/a><\/p>\n<\/div>\n<\/div>\n<\/div><\/div>\n\n\n\n<p><\/p>\n\n\n\n<div class=\"wp-block-group is-style-with-shadow\"><div class=\"wp-block-group__inner-container is-layout-constrained wp-block-group-is-layout-constrained\">\n<div class=\"wp-block-columns is-layout-flex wp-container-core-columns-is-layout-9d6595d7 wp-block-columns-is-layout-flex\">\n<div class=\"wp-block-column is-layout-flow wp-block-column-is-layout-flow\">\n<p class=\"has-medium-font-size\">Patricia BEHAGHEL de BUEREN<\/p>\n\n\n\n<p class=\"has-text-align-left has-mid-gold-color has-text-color\">Architect gespecialiseerd in patrimonium<\/p>\n<\/div>\n\n\n\n<div class=\"wp-block-column is-layout-flow wp-block-column-is-layout-flow\">\n<p class=\"has-text-align-right\" style=\"font-size:14px\">Brussel Hoofdstedelijk Gewest en Waals-Brabant<\/p>\n\n\n\n<p class=\"has-text-align-right\" style=\"font-size:14px\">GSM : <a href=\"tel:+32 476 56 45 27\">+32 476 56 45 27<\/a><br> email : <a href=\"mailto:patriciabehaghel@gmail.com\">patriciabehaghel@gmail.com<\/a><\/p>\n<\/div>\n<\/div>\n<\/div><\/div>\n\n\n\n<div class=\"wp-block-group is-style-with-shadow\"><div class=\"wp-block-group__inner-container is-layout-constrained wp-block-group-is-layout-constrained\">\n<div class=\"wp-block-columns is-layout-flex wp-container-core-columns-is-layout-9d6595d7 wp-block-columns-is-layout-flex\">\n<div class=\"wp-block-column is-layout-flow wp-block-column-is-layout-flow\">\n<p class=\"has-medium-font-size\">Fran\u00e7ois-Michel BRISMOUTIER<\/p>\n\n\n\n<p class=\"has-text-align-left has-mid-gold-color has-text-color\">Architect gespecialiseerd in patrimonium<\/p>\n<\/div>\n\n\n\n<div class=\"wp-block-column is-layout-flow wp-block-column-is-layout-flow\">\n<p class=\"has-text-align-right\" style=\"font-size:14px\">Namen<\/p>\n\n\n\n<p class=\"has-text-align-right\" style=\"font-size:14px\">Rue de Namur 47<br> B-5000 Beez telefoon : <mark style=\"background-color: rgba(0, 0, 0, 0);\" class=\"has-inline-color has-white-uap-color\"><a href=\"tel:+3281261672\">+32 8 126 16 72<\/a><\/mark><br><mark style=\"background-color: rgba(0, 0, 0, 0);\" class=\"has-inline-color has-white-uap-color\"> email : <a href=\"mailto:info@brismoutier.be\">info@brismoutier.be<\/a><\/mark><br><mark style=\"background-color: rgba(0, 0, 0, 0);\" class=\"has-inline-color has-white-uap-color\"> Website : <a href=\"http:\/\/www.brismoutier.be\/\">http:\/\/www.brismoutier.be\/<\/a><\/mark><\/p>\n<\/div>\n<\/div>\n<\/div><\/div>\n\n\n\n<div class=\"wp-block-group is-style-with-shadow\"><div class=\"wp-block-group__inner-container is-layout-constrained wp-block-group-is-layout-constrained\">\n<div class=\"wp-block-columns is-layout-flex wp-container-core-columns-is-layout-9d6595d7 wp-block-columns-is-layout-flex\">\n<div class=\"wp-block-column is-layout-flow wp-block-column-is-layout-flow\">\n<p class=\"has-medium-font-size\">Anne-Fran\u00e7oise CANNELLA<\/p>\n\n\n\n<p class=\"has-text-align-left has-mid-gold-color has-text-color\">Inspecteur generaal &#8211; Werk &amp; beroepsopleiding- SPW<\/p>\n<\/div>\n\n\n\n<div class=\"wp-block-column is-layout-flow wp-block-column-is-layout-flow\">\n<p class=\"has-text-align-right\" style=\"font-size:14px\">Waalse Gewest<\/p>\n\n\n\n<p class=\"has-text-align-right\" style=\"font-size:14px\">email : <mark class=\"has-inline-color has-white-uap-color\" style=\"background-color: rgba(0, 0, 0, 0);\"><a href=\"mailto:annefrancoise.cannella@spw.wallonie.be\">annefrancoise.cannella@spw.wallonie.be<\/a><\/mark><\/p>\n<\/div>\n<\/div>\n<\/div><\/div>\n\n\n\n<div class=\"wp-block-group is-style-with-shadow\"><div class=\"wp-block-group__inner-container is-layout-constrained wp-block-group-is-layout-constrained\">\n<div class=\"wp-block-columns is-layout-flex wp-container-core-columns-is-layout-9d6595d7 wp-block-columns-is-layout-flex\">\n<div class=\"wp-block-column is-layout-flow wp-block-column-is-layout-flow\">\n<p class=\"has-medium-font-size\">Romuald CASIER &#8211; Atelier ARC<\/p>\n\n\n\n<p class=\"has-text-align-left has-mid-gold-color has-text-color\">Architect gespecialiseerd in patrimonium<\/p>\n<\/div>\n\n\n\n<div class=\"wp-block-column is-layout-flow wp-block-column-is-layout-flow\">\n<p class=\"has-text-align-right\" style=\"font-size:14px\">Brussel Hoofdstedelijk Gewest<\/p>\n\n\n\n<p class=\"has-text-align-right\" style=\"font-size:14px\">Rue de l&#8217;Aurore, 52<br> 1000 Bruxelles<br> GSM : <a href=\"tel:+32 473 57 71 32\">+32 473 57 71 32<\/a><br> email : <a href=\"mailto:romuald.casier@gmail.com\">romuald.casier@gmail.com<\/a><br> Website : <a href=\"http:\/\/www.atelier-arc.eu\">www.atelier-arc.eu<\/a><\/p>\n<\/div>\n<\/div>\n<\/div><\/div>\n\n\n\n<div class=\"wp-block-group is-style-with-shadow\"><div class=\"wp-block-group__inner-container is-layout-constrained wp-block-group-is-layout-constrained\">\n<div class=\"wp-block-columns is-layout-flex wp-container-core-columns-is-layout-9d6595d7 wp-block-columns-is-layout-flex\">\n<div class=\"wp-block-column is-layout-flow wp-block-column-is-layout-flow\">\n<p class=\"has-medium-font-size\">Michel DE BES<\/p>\n\n\n\n<p class=\"has-text-align-left has-mid-gold-color has-text-color\">Tegelleger, mozaiklegger<\/p>\n<\/div>\n\n\n\n<div class=\"wp-block-column is-layout-flow wp-block-column-is-layout-flow\">\n<p class=\"has-text-align-right\" style=\"font-size:14px\">Brussel Hoofdstedelijk Gewest<\/p>\n\n\n\n<p class=\"has-text-align-right\" style=\"font-size:14px\">rue de l&#8217;Hospice Communal, 169<br> 1170 Watermael-Boitsfort<br> GSM : <a href=\"tel:+32 475 60 71 00\">+32 475 60 71 00<\/a><br> email : <a href=\"mailto:micheldebes@proximus.be\">micheldebes@proximus.be<\/a><\/p>\n<\/div>\n<\/div>\n<\/div><\/div>\n\n\n\n<div class=\"wp-block-group is-style-with-shadow\"><div class=\"wp-block-group__inner-container is-layout-constrained wp-block-group-is-layout-constrained\">\n<div class=\"wp-block-columns is-layout-flex wp-container-core-columns-is-layout-9d6595d7 wp-block-columns-is-layout-flex\">\n<div class=\"wp-block-column is-layout-flow wp-block-column-is-layout-flow\">\n<p class=\"has-medium-font-size\">Guillaume JANSSENS &#8211; GoVR sprl<\/p>\n\n\n\n<p class=\"has-text-align-left has-mid-gold-color has-text-color\">Graficus, 2d 3d en virtual reality<\/p>\n<\/div>\n\n\n\n<div class=\"wp-block-column is-layout-flow wp-block-column-is-layout-flow\">\n<p class=\"has-text-align-right\" style=\"font-size:14px\">Brussel Hoofdstedelijk Gewest<\/p>\n\n\n\n<p class=\"has-text-align-right\" style=\"font-size:14px\">Chauss\u00e9e de Boendael 202<br> 1050 Ixelles<br> GSM : <a href=\"tel:+32 485 99 62 82\">+32 485 99 62 82<\/a><br> email : <a href=\"mailto:guillaume@govr.eu\">guillaume@govr.eu<\/a><br> Website : <a href=\"http:\/\/www.govr.eu\">www.govr.eu<\/a><\/p>\n<\/div>\n<\/div>\n<\/div><\/div>\n\n\n\n<div class=\"wp-block-group is-style-with-shadow\"><div class=\"wp-block-group__inner-container is-layout-constrained wp-block-group-is-layout-constrained\">\n<div class=\"wp-block-columns is-layout-flex wp-container-core-columns-is-layout-9d6595d7 wp-block-columns-is-layout-flex\">\n<div class=\"wp-block-column is-layout-flow wp-block-column-is-layout-flow\">\n<p class=\"has-medium-font-size\">Luc JOLY<\/p>\n\n\n\n<p class=\"has-text-align-left has-mid-gold-color has-text-color\">Beheerder van de <\/p>\n<\/div>\n\n\n\n<div class=\"wp-block-column is-layout-flow wp-block-column-is-layout-flow\">\n<p class=\"has-text-align-right\" style=\"font-size:14px\">Vlaams-Brabant<\/p>\n\n\n\n<p class=\"has-text-align-right\" style=\"font-size:14px\">Molenstraat, 8<br> B-3090 Overijse<br> GSM : <a href=\"tel:+32 475 43 90 30\">+32 475 43 90 30<\/a><br> email : <a href=\"mailto:luc.joly@yahoo.fr\">luc.joly@yahoo.fr<\/a><br> Website : <a href=\"https:\/\/www.jolyl.be\">https:\/\/www.jolyl.be<\/a><\/p>\n<\/div>\n<\/div>\n<\/div><\/div>\n\n\n\n<div class=\"wp-block-group is-style-with-shadow\"><div class=\"wp-block-group__inner-container is-layout-constrained wp-block-group-is-layout-constrained\">\n<div class=\"wp-block-columns is-layout-flex wp-container-core-columns-is-layout-9d6595d7 wp-block-columns-is-layout-flex\">\n<div class=\"wp-block-column is-layout-flow wp-block-column-is-layout-flow\">\n<p class=\"has-medium-font-size\">Philippe le HODEY<\/p>\n\n\n\n<p class=\"has-text-align-left has-mid-gold-color has-text-color\">Vicevoorzitter van Historische Woningen en tuinen<\/p>\n<\/div>\n\n\n\n<div class=\"wp-block-column is-layout-flow wp-block-column-is-layout-flow\">\n<p class=\"has-text-align-right\" style=\"font-size:14px\">Brussel Hoofdstedelijk Gewest<\/p>\n\n\n\n<p class=\"has-text-align-right\" style=\"font-size:14px\">Avenue G\u00e9n\u00e9ral de Gaulle, 43<br> 1052 Ixelles<br> telefoon : <a href=\"tel:+32 2 235 20 07\"> +32 2 235 20 07<\/a><br> email : <a href=\"mailto:administratie@historische-woonsteden.be\">administratie@historische-woonsteden.be<\/a><br> Website : <a href=\"http:\/\/www.demeures-historiques.be\">www.demeures-historiques.be<\/a><\/p>\n<\/div>\n<\/div>\n<\/div><\/div>\n\n\n\n<div class=\"wp-block-group is-style-with-shadow\"><div class=\"wp-block-group__inner-container is-layout-constrained wp-block-group-is-layout-constrained\">\n<div class=\"wp-block-columns is-layout-flex wp-container-core-columns-is-layout-9d6595d7 wp-block-columns-is-layout-flex\">\n<div class=\"wp-block-column is-layout-flow wp-block-column-is-layout-flow\">\n<p class=\"has-medium-font-size\">Christophe LEGRAND &#8211; A3 Development sprl<\/p>\n\n\n\n<p class=\"has-text-align-left has-mid-gold-color has-text-color\">Architect gespecialiseerd in patrimonium<\/p>\n<\/div>\n\n\n\n<div class=\"wp-block-column is-layout-flow wp-block-column-is-layout-flow\">\n<p class=\"has-text-align-right\" style=\"font-size:14px\">Brussel Hoofdstedelijk Gewest<\/p>\n\n\n\n<p class=\"has-text-align-right\" style=\"font-size:14px\">telefoon :<a href=\"tel:+32 2 880 86 02\"> +32 2 880 86 02<\/a><br> GSM : <a href=\"tel:+32 475 45 29 50\">+32 475 45 29 50<\/a><br> email : <a href=\"mailto:christophe@a3development.be\">christophe@a3development.be<\/a><br> Website : <a href=\"http:\/\/www.a3development.be\/\">http:\/\/www.a3development.be\/<\/a><\/p>\n<\/div>\n<\/div>\n<\/div><\/div>\n\n\n\n<div class=\"wp-block-group is-style-with-shadow\"><div class=\"wp-block-group__inner-container is-layout-constrained wp-block-group-is-layout-constrained\">\n<div class=\"wp-block-columns is-layout-flex wp-container-core-columns-is-layout-9d6595d7 wp-block-columns-is-layout-flex\">\n<div class=\"wp-block-column is-layout-flow wp-block-column-is-layout-flow\">\n<p class=\"has-medium-font-size\">C\u00e9cile MAIRY<\/p>\n\n\n\n<p class=\"has-text-align-left has-mid-gold-color has-text-color\">Architect gespecialiseerd in patrimonium<\/p>\n<\/div>\n\n\n\n<div class=\"wp-block-column is-layout-flow wp-block-column-is-layout-flow\">\n<p class=\"has-text-align-right\" style=\"font-size:14px\">Brussel Hoofdstedelijk Gewest<\/p>\n\n\n\n<p class=\"has-text-align-right\" style=\"font-size:14px\">email : <mark style=\"background-color: rgba(0, 0, 0, 0);\" class=\"has-inline-color has-white-uap-color\"><a href=\"mailto:mai@origin.eu\">mai@origin.eu<\/a><\/mark><br><mark style=\"background-color: rgba(0, 0, 0, 0);\" class=\"has-inline-color has-white-uap-color\"> Website : <a href=\"http:\/\/www.origin.eu\/\">http:\/\/www.origin.eu\/<\/a><\/mark><\/p>\n<\/div>\n<\/div>\n<\/div><\/div>\n\n\n\n<div class=\"wp-block-group is-style-with-shadow\"><div class=\"wp-block-group__inner-container is-layout-constrained wp-block-group-is-layout-constrained\">\n<div class=\"wp-block-columns is-layout-flex wp-container-core-columns-is-layout-9d6595d7 wp-block-columns-is-layout-flex\">\n<div class=\"wp-block-column is-layout-flow wp-block-column-is-layout-flow\">\n<p class=\"has-medium-font-size\">Claire MEYER<\/p>\n\n\n\n<p class=\"has-text-align-left has-mid-gold-color has-text-color\">Shiatsu<\/p>\n<\/div>\n\n\n\n<div class=\"wp-block-column is-layout-flow wp-block-column-is-layout-flow\">\n<p class=\"has-text-align-right\" style=\"font-size:14px\">Luik<\/p>\n\n\n\n<p class=\"has-text-align-right\" style=\"font-size:14px\">email :&nbsp;<a href=\"mailto:meycla@hotmail.com\">meycla@hotmail.com<\/a><\/p>\n<\/div>\n<\/div>\n<\/div><\/div>\n\n\n\n<div class=\"wp-block-group is-style-with-shadow\"><div class=\"wp-block-group__inner-container is-layout-constrained wp-block-group-is-layout-constrained\">\n<div class=\"wp-block-columns is-layout-flex wp-container-core-columns-is-layout-9d6595d7 wp-block-columns-is-layout-flex\">\n<div class=\"wp-block-column is-layout-flow wp-block-column-is-layout-flow\">\n<p class=\"has-medium-font-size\">Michel MICCICHE<\/p>\n\n\n\n<p class=\"has-text-align-left has-mid-gold-color has-text-color\">Architect gespecialiseerd in patrimonium<\/p>\n<\/div>\n\n\n\n<div class=\"wp-block-column is-layout-flow wp-block-column-is-layout-flow\">\n<p class=\"has-text-align-right\" style=\"font-size:14px\">Henegouwen<\/p>\n\n\n\n<p class=\"has-text-align-right\" style=\"font-size:14px\">Rue de Binche 291<br> B-7301 Hornu<br> email : <a href=\"mailto:michelmicciche@yahoo.fr\">michelmicciche@yahoo.fr<\/a><\/p>\n<\/div>\n<\/div>\n<\/div><\/div>\n\n\n\n<div class=\"wp-block-group is-style-with-shadow\"><div class=\"wp-block-group__inner-container is-layout-constrained wp-block-group-is-layout-constrained\">\n<div class=\"wp-block-columns is-layout-flex wp-container-core-columns-is-layout-9d6595d7 wp-block-columns-is-layout-flex\">\n<div class=\"wp-block-column is-layout-flow wp-block-column-is-layout-flow\">\n<p class=\"has-medium-font-size\">Florence MIOTTO &#8211; Atelier ARC<\/p>\n\n\n\n<p class=\"has-text-align-left has-mid-gold-color has-text-color\">Architect gespecialiseerd in patrimonium<\/p>\n<\/div>\n\n\n\n<div class=\"wp-block-column is-layout-flow wp-block-column-is-layout-flow\">\n<p class=\"has-text-align-right\" style=\"font-size:14px\">Brussel Hoofdstedelijk Gewest<\/p>\n\n\n\n<p class=\"has-text-align-right\" style=\"font-size:14px\">Rue du Champ du Roi 99 b1<br> B-1040 Etterbeek<br> GSM: <a href=\"tel:+32 498 57 82 14\">+32 498 57 82 14<\/a><br> email : <a href=\"mailto:flo.miotto@gmail.com\">flo.miotto@gmail.com<\/a><br> Website : <a href=\"http:\/\/www.atelier-arc.eu\/\">http:\/\/www.atelier-arc.eu\/<\/a><\/p>\n<\/div>\n<\/div>\n<\/div><\/div>\n\n\n\n<div class=\"wp-block-group is-style-with-shadow\"><div class=\"wp-block-group__inner-container is-layout-constrained wp-block-group-is-layout-constrained\">\n<div class=\"wp-block-columns is-layout-flex wp-container-core-columns-is-layout-9d6595d7 wp-block-columns-is-layout-flex\">\n<div class=\"wp-block-column is-layout-flow wp-block-column-is-layout-flow\">\n<p class=\"has-medium-font-size\">Marie-Christine SCHILS &#8211; Histoire et Arch\u00e9ologie Spadoises asbl<\/p>\n\n\n\n<p class=\"has-text-align-left has-mid-gold-color has-text-color\">Conservator van de mus\u00e9a van Spa<\/p>\n<\/div>\n\n\n\n<div class=\"wp-block-column is-layout-flow wp-block-column-is-layout-flow\">\n<p class=\"has-text-align-right\" style=\"font-size:14px\">Luik<\/p>\n\n\n\n<p class=\"has-text-align-right\" style=\"font-size:14px\">Avenue Reine Astrid 77B<br> B-4900 Spa<br> telefoon : <a href=\"tel:+32 8 777 44 86\">+32 8 777 44 86<\/a><br> email : <a href=\"mailto:mcs@spavillaroyale.be\">mcs@spavillaroyale.be<\/a><br> Website : <a href=\"http:\/\/www.spavillaroyale.be\/\">http:\/\/www.spavillaroyale.be\/<\/a><\/p>\n<\/div>\n<\/div>\n<\/div><\/div>\n\n\n\n<div class=\"wp-block-group is-style-with-shadow\"><div class=\"wp-block-group__inner-container is-layout-constrained wp-block-group-is-layout-constrained\">\n<div class=\"wp-block-columns is-layout-flex wp-container-core-columns-is-layout-9d6595d7 wp-block-columns-is-layout-flex\">\n<div class=\"wp-block-column is-layout-flow wp-block-column-is-layout-flow\">\n<p class=\"has-medium-font-size\">Louis SCHOCKERT &#8211;  Atelier Nord sprl<\/p>\n\n\n\n<p class=\"has-text-align-left has-mid-gold-color has-text-color\">Architect gespecialiseerd in patrimonium<\/p>\n<\/div>\n\n\n\n<div class=\"wp-block-column is-layout-flow wp-block-column-is-layout-flow\">\n<p class=\"has-text-align-right\" style=\"font-size:14px\">Luik<\/p>\n\n\n\n<p class=\"has-text-align-right\" style=\"font-size:14px\">Rue des Glacis 185<br> B-4000 Li\u00e8ge<br> telefoon : <a href=\"tel:+32 4 227 19 99\">+32 4 227 19 99<\/a><br> email : <a href=\"mailto:louis.schockert@ateliernord.eu\">louis.schockert@ateliernord.eu<\/a><br> Website : <a href=\"http:\/\/ateliernord.wixsite.com\/ateliernord\">http:\/\/ateliernord.wixsite.com\/ateliernord<\/a><\/p>\n<\/div>\n<\/div>\n<\/div><\/div>\n\n\n\n<div class=\"wp-block-group is-style-with-shadow\"><div class=\"wp-block-group__inner-container is-layout-constrained wp-block-group-is-layout-constrained\">\n<div class=\"wp-block-columns is-layout-flex wp-container-core-columns-is-layout-9d6595d7 wp-block-columns-is-layout-flex\">\n<div class=\"wp-block-column is-layout-flow wp-block-column-is-layout-flow\">\n<p class=\"has-medium-font-size\">Luc STIEVENART &#8211; ADEM Bureau d&#8217;\u00e9tudes<\/p>\n\n\n\n<p class=\"has-text-align-left has-mid-gold-color has-text-color\">Architect gespecialiseerd in patrimonium<\/p>\n<\/div>\n\n\n\n<div class=\"wp-block-column is-layout-flow wp-block-column-is-layout-flow\">\n<p class=\"has-text-align-right\" style=\"font-size:14px\">Henegouwen<\/p>\n\n\n\n<p class=\"has-text-align-right\" style=\"font-size:15px\">Place de Flandre 9<br> B-7000 Mons<br> telefoon : <a href=\"tel:+32 6 539 72 60\">+32 6 539 72 60<\/a><br> email : <a href=\"mailto:luc.stievenart@adem.eu\">luc.stievenart@adem.eu<\/a><br> Website : <a href=\"http:\/\/www.adem.eu\/\">http:\/\/www.adem.eu\/<\/a><\/p>\n<\/div>\n<\/div>\n<\/div><\/div>\n\n\n\n<div class=\"wp-block-group is-style-with-shadow\"><div class=\"wp-block-group__inner-container is-layout-constrained wp-block-group-is-layout-constrained\">\n<div class=\"wp-block-columns is-layout-flex wp-container-core-columns-is-layout-9d6595d7 wp-block-columns-is-layout-flex\">\n<div class=\"wp-block-column is-layout-flow wp-block-column-is-layout-flow\">\n<p class=\"has-medium-font-size\">Xavier TONON &#8211; VIA Architecture<\/p>\n\n\n\n<p class=\"has-text-align-left has-mid-gold-color has-text-color\">Architect gespecialiseerd in patrimonium &#8211; Met St\u00e9phanie GERARD en Anne GUILLEAUME<\/p>\n<\/div>\n\n\n\n<div class=\"wp-block-column is-layout-flow wp-block-column-is-layout-flow\">\n<p class=\"has-text-align-right\" style=\"font-size:14px\">Luik<\/p>\n\n\n\n<p class=\"has-text-align-right\" style=\"font-size:14px\">26, Place Coronmeuse<br> B-4040 Herstal<br> GSM : <a href=\"tel:+32 495 77 00 57\">+32 495 77 00 57<\/a><br> email : <a href=\"mailto:x.tonon@aasa.be\">x.tonon@aasa.be<\/a><br> Website : <a href=\"http:\/\/www.tonon.be\/\">http:\/\/www.tonon.be\/<\/a><\/p>\n<\/div>\n<\/div>\n<\/div><\/div>\n\n\n\n<div class=\"wp-block-group is-style-with-shadow\"><div class=\"wp-block-group__inner-container is-layout-constrained wp-block-group-is-layout-constrained\">\n<div class=\"wp-block-columns is-layout-flex wp-container-core-columns-is-layout-9d6595d7 wp-block-columns-is-layout-flex\">\n<div class=\"wp-block-column is-layout-flow wp-block-column-is-layout-flow\">\n<p class=\"has-medium-font-size\">Jean-Luc TRINE &#8211; EXAS Bureau d&#8217;\u00e9tudes<\/p>\n\n\n\n<p class=\"has-text-align-left has-mid-gold-color has-text-color\">Ing\u00e9nieur<\/p>\n<\/div>\n\n\n\n<div class=\"wp-block-column is-layout-flow wp-block-column-is-layout-flow\">\n<p class=\"has-text-align-right\" style=\"font-size:14px\">Luik<\/p>\n\n\n\n<p class=\"has-text-align-right\" style=\"font-size:14px\">Avenue Henrijean 42D<br> B-4900 Spa<br> GSM : <a href=\"tel:+32 477 59 02 37\">+32 477 59 02 37<\/a><br> email : <a href=\"mailto:jlt@exas.be\">jlt@exas.be<\/a><br> Website : <a href=\"http:\/\/www.exas.be\/\">http:\/\/www.exas.be\/<\/a><\/p>\n<\/div>\n<\/div>\n<\/div><\/div>\n\n\n\n<div class=\"wp-block-group is-style-with-shadow\"><div class=\"wp-block-group__inner-container is-layout-constrained wp-block-group-is-layout-constrained\">\n<div class=\"wp-block-columns is-layout-flex wp-container-core-columns-is-layout-9d6595d7 wp-block-columns-is-layout-flex\">\n<div class=\"wp-block-column is-layout-flow wp-block-column-is-layout-flow\">\n<p class=\"has-medium-font-size\">Gr\u00e9gory VAN AELBROUCK<\/p>\n\n\n\n<p class=\"has-text-align-left has-mid-gold-color has-text-color\">Conservator &#8211; H\u00f4tel Hannon<\/p>\n<\/div>\n\n\n\n<div class=\"wp-block-column is-layout-flow wp-block-column-is-layout-flow\">\n<p class=\"has-text-align-right\" style=\"font-size:14px\">Brussel Hoofdstedelijk Gewest<\/p>\n\n\n\n<p class=\"has-text-align-right\" style=\"font-size:14px\">Rue Morris 52<br> 1060 Bruxelles<br> GSM : <a href=\"tel:+32 479 43 76 68\">+32 479 43 76 68<\/a><br> email : <a href=\"mailto:gvaelbro@gmail.com\">gvaelbro@gmail.com<\/a><br> Website : <a href=\"https:\/\/maisonhannon.be\">https:\/\/maisonhannon.be<\/a><\/p>\n<\/div>\n<\/div>\n<\/div><\/div>\n\n\n\n<div class=\"wp-block-group is-style-with-shadow\"><div class=\"wp-block-group__inner-container is-layout-constrained wp-block-group-is-layout-constrained\">\n<div class=\"wp-block-columns is-layout-flex wp-container-core-columns-is-layout-9d6595d7 wp-block-columns-is-layout-flex\">\n<div class=\"wp-block-column is-layout-flow wp-block-column-is-layout-flow\">\n<p class=\"has-medium-font-size\">Claude VAN WINNENDAELE<\/p>\n\n\n\n<p class=\"has-text-align-left has-mid-gold-color has-text-color\">Glas decorator-glasschilder<\/p>\n<\/div>\n\n\n\n<div class=\"wp-block-column is-layout-flow wp-block-column-is-layout-flow\">\n<p class=\"has-text-align-right\" style=\"font-size:14px\">Namen<\/p>\n\n\n\n<p class=\"has-text-align-right\" style=\"font-size:14px\">Rue de La Roche \u00e0 l&#8217;Argent 24<br> B-5101 Lives-sur-Meuse <br>telefoon : <a href=\"tel:+32 8 130 12 07\">+32 8 130 12 07<\/a><br> email : <a href=\"mailto:ourson.begge@hotmail.com\">ourson.begge@hotmail.com<\/a><\/p>\n<\/div>\n<\/div>\n<\/div><\/div>\n\n\n\n<div class=\"wp-block-group is-style-with-shadow\"><div class=\"wp-block-group__inner-container is-layout-constrained wp-block-group-is-layout-constrained\">\n<div class=\"wp-block-columns is-layout-flex wp-container-core-columns-is-layout-9d6595d7 wp-block-columns-is-layout-flex\">\n<div class=\"wp-block-column is-layout-flow wp-block-column-is-layout-flow\">\n<p class=\"has-medium-font-size\">Alexandra VANDEN EYNDE &#8211; Espace Environnement asbl<\/p>\n\n\n\n<p class=\"has-text-align-left has-mid-gold-color has-text-color\">Project verantwoordelijke<\/p>\n<\/div>\n\n\n\n<div class=\"wp-block-column is-layout-flow wp-block-column-is-layout-flow\">\n<p class=\"has-text-align-right\" style=\"font-size:14px\">Henegouwen<\/p>\n\n\n\n<p class=\"has-text-align-right\" style=\"font-size:14px\">Rue de Montigny 29<br> B 6000 Charleroi<br> telefoon : <a href=\"tel:+32 7 130 03 00\">+32 7 130 03 00<\/a><br> GSM : <a href=\"tel:+32 478 46 19 28\">+32 478 46 19 28<\/a><br> email : <a href=\"mailto:avandeneynde@espace-environnement.be\">avandeneynde@espace-environnement.be<\/a><br> Website : <a href=\"http:\/\/www.espace-environnement.be\/\">http:\/\/www.espace-environnement.be\/<\/a><\/p>\n<\/div>\n<\/div>\n<\/div><\/div>\n\n\n\n<div class=\"wp-block-group is-style-with-shadow\"><div class=\"wp-block-group__inner-container is-layout-constrained wp-block-group-is-layout-constrained\">\n<div class=\"wp-block-columns is-layout-flex wp-container-core-columns-is-layout-9d6595d7 wp-block-columns-is-layout-flex\">\n<div class=\"wp-block-column is-layout-flow wp-block-column-is-layout-flow\">\n<p class=\"has-medium-font-size\">Phil\u00e9mon WACHTELAER<\/p>\n\n\n\n<p class=\"has-text-align-left has-mid-gold-color has-text-color\">Architect<\/p>\n<\/div>\n\n\n\n<div class=\"wp-block-column is-layout-flow wp-block-column-is-layout-flow\">\n<p class=\"has-text-align-right\" style=\"font-size:14px\">Brussel Hoofdstedelijk Gewest<\/p>\n\n\n\n<p class=\"has-text-align-right\" style=\"font-size:14px\">Rue Jacob Jordaens, 9<br> 1000 Bruxelles<br> telefoon : <a href=\"tel:+32 2 627 08 58\">+32 2 627 08 58<\/a><br> GSM : <a href=\"tel:+ 32 475 25 29 24\">+ 32 475 25 29 24<\/a><br> email : <a href=\"mailto:philemon.wachtelaer@b2ai.com\">philemon.wachtelaer@b2ai.com<\/a><br> Website : <a href=\"http:\/\/www.archi.be\">www.archi.be<\/a><\/p>\n<\/div>\n<\/div>\n<\/div><\/div>\n\n\n\n<div class=\"wp-block-group is-style-with-shadow\"><div class=\"wp-block-group__inner-container is-layout-constrained wp-block-group-is-layout-constrained\">\n<div class=\"wp-block-columns is-layout-flex wp-container-core-columns-is-layout-9d6595d7 wp-block-columns-is-layout-flex\">\n<div class=\"wp-block-column is-layout-flow wp-block-column-is-layout-flow\">\n<p class=\"has-medium-font-size\">Carmen Azevedo<\/p>\n\n\n\n<p class=\"has-text-align-left has-mid-gold-color has-text-color\">Architect<\/p>\n<\/div>\n\n\n\n<div class=\"wp-block-column is-layout-flow wp-block-column-is-layout-flow\">\n<p class=\"has-text-align-right\" style=\"font-size:14px\">Bruxelles-Capitale<br><\/p>\n\n\n\n<p class=\"has-text-align-right\" style=\"font-size:14px\">Avenue Louis Lepoutre, 97<br>1050 Bruxelles<br>telefoon : <a href=\"tel:+3226531001\">+32 2 653 10 01<\/a><br>Email : <a href=\"mailto:info@archicaz.com\">info@archicaz.com<\/a><br>Website : <a href=\"http:\/\/www.archicaz.com\">www.archicaz.com<\/a><\/p>\n<\/div>\n<\/div>\n<\/div><\/div>\n\n\n\n<div class=\"wp-block-group is-style-with-shadow\"><div class=\"wp-block-group__inner-container is-layout-constrained wp-block-group-is-layout-constrained\">\n<div class=\"wp-block-columns is-layout-flex wp-container-core-columns-is-layout-9d6595d7 wp-block-columns-is-layout-flex\">\n<div class=\"wp-block-column is-layout-flow wp-block-column-is-layout-flow\">\n<p class=\"has-medium-font-size\">Le Chassis Isolant <\/p>\n\n\n\n<p class=\"has-text-align-left has-mid-gold-color has-text-color\">Menuiserie<\/p>\n<\/div>\n\n\n\n<div class=\"wp-block-column is-layout-flow wp-block-column-is-layout-flow\">\n<p class=\"has-text-align-right\" style=\"font-size:14px\">Brabant-Wallon<\/p>\n\n\n\n<p class=\"has-text-align-right\" style=\"font-size:14px\"><br>Avenue Mercator, 7<br>1300 Wavre<br>telefoon : <a href=\"tel:+3210226657\">+32 1 022 66 57<\/a><br>Email :<a href=\"mailto:info@chassis-lci.be\"> info@chassis-lci.be<\/a><br>Website : <a href=\"http:\/\/www.chassis-lci.be\">www.chassis-lci.be<\/a><\/p>\n<\/div>\n<\/div>\n<\/div><\/div>\n\n\n\n<div class=\"wp-block-group is-style-with-shadow\"><div class=\"wp-block-group__inner-container is-layout-constrained wp-block-group-is-layout-constrained\">\n<div class=\"wp-block-columns is-layout-flex wp-container-core-columns-is-layout-9d6595d7 wp-block-columns-is-layout-flex\">\n<div class=\"wp-block-column is-layout-flow wp-block-column-is-layout-flow\">\n<p class=\"has-medium-font-size\">ECP-Entreprise pour la Conservation du Patrimoine<\/p>\n\n\n\n<p class=\"has-text-align-left has-mid-gold-color has-text-color\">Fournisseur<\/p>\n\n\n\n<p><\/p>\n<\/div>\n\n\n\n<div class=\"wp-block-column is-layout-flow wp-block-column-is-layout-flow\">\n<p class=\"has-text-align-right\" style=\"font-size:14px\">Alsace<\/p>\n\n\n\n<p class=\"has-text-align-right\" style=\"font-size:14px\"><br>33A route de la F\u00e9d\u00e9ration<br>67100 Strasbourg<\/p>\n\n\n\n<p class=\"has-text-align-right\" style=\"font-size:14px\">France<br>telefoon : <a href=\"tel:+33388799240\">+33 388 79 92 40<\/a><br>Email :<a href=\"mailto:info@chassis-lci.be\"> <\/a><a href=\"mailto:info@ecp-fr.com\">info@ecp-fr.com<\/a><br>Website : <a href=\"http:\/\/www.ecp-fr.com\">www.ecp-fr.com<\/a><\/p>\n<\/div>\n<\/div>\n<\/div><\/div>\n","protected":false},"excerpt":{"rendered":"<p>Als onze actie vooral gebaseerd is op de betrokkenheid van de ambachtslieden zelf, heeft onze organisatie het geluk te kunnen profiteren van de steun van mensen en bedrijven die graag de missies die de onze zijn willen verdedigen en promoten, zelfs als hun professionele activiteiten niet strikt verband houden met naar ambachten zoals beoefend door&hellip; <a href=\"https:\/\/www.uap-org.be\/nl\/supporting-members\/\">Meer lezen<\/a><\/p>\n","protected":false},"author":1,"featured_media":897,"parent":0,"menu_order":0,"comment_status":"closed","ping_status":"closed","template":"","meta":{"footnotes":""},"class_list":["post-2142","page","type-page","status-publish","has-post-thumbnail","hentry"],"yoast_head":"<!-- This site is optimized with the Yoast SEO plugin v27.5 - https:\/\/yoast.com\/product\/yoast-seo-wordpress\/ -->\n<title>Sympathiserende leden - UAP - Unie der Ambachtslieden van het Patrimonium<\/title>\n<meta name=\"description\" content=\"Als onze actie vooral gebaseerd is op de betrokkenheid van de ambachtslieden zelf, heeft onze organisatie het geluk te kunnen profiteren van de steun van\" \/>\n<meta name=\"robots\" content=\"index, follow, max-snippet:-1, max-image-preview:large, max-video-preview:-1\" \/>\n<link rel=\"canonical\" href=\"https:\/\/www.uap-org.be\/nl\/supporting-members\/\" \/>\n<meta property=\"og:locale\" content=\"nl_NL\" \/>\n<meta property=\"og:type\" content=\"article\" \/>\n<meta property=\"og:title\" content=\"Sympathiserende leden - UAP - Unie der Ambachtslieden van het Patrimonium\" \/>\n<meta property=\"og:description\" content=\"Als onze actie vooral gebaseerd is op de betrokkenheid van de ambachtslieden zelf, heeft onze organisatie het geluk te kunnen profiteren van de steun van\" \/>\n<meta property=\"og:url\" content=\"https:\/\/www.uap-org.be\/nl\/supporting-members\/\" \/>\n<meta property=\"og:site_name\" content=\"UAP - Unie der Ambachtslieden van het Patrimonium\" \/>\n<meta property=\"article:publisher\" content=\"https:\/\/www.facebook.com\/profile.php?id=100064548768119\" \/>\n<meta property=\"article:modified_time\" content=\"2024-10-24T19:00:12+00:00\" \/>\n<meta property=\"og:image\" content=\"https:\/\/www.uap-org.be\/wp-content\/uploads\/2022\/12\/logo.png\" \/>\n\t<meta property=\"og:image:width\" content=\"512\" \/>\n\t<meta property=\"og:image:height\" content=\"512\" \/>\n\t<meta property=\"og:image:type\" content=\"image\/png\" \/>\n<meta name=\"twitter:card\" content=\"summary_large_image\" \/>\n<meta name=\"twitter:label1\" content=\"Geschatte leestijd\" \/>\n\t<meta name=\"twitter:data1\" content=\"4 minuten\" \/>\n<script type=\"application\/ld+json\" class=\"yoast-schema-graph\">{\"@context\":\"https:\\\/\\\/schema.org\",\"@graph\":[{\"@type\":\"WebPage\",\"@id\":\"https:\\\/\\\/www.uap-org.be\\\/nl\\\/supporting-members\\\/\",\"url\":\"https:\\\/\\\/www.uap-org.be\\\/nl\\\/supporting-members\\\/\",\"name\":\"Sympathiserende leden - UAP - Unie der Ambachtslieden van het Patrimonium\",\"isPartOf\":{\"@id\":\"https:\\\/\\\/www.uap-org.be\\\/nl\\\/#website\"},\"primaryImageOfPage\":{\"@id\":\"https:\\\/\\\/www.uap-org.be\\\/nl\\\/supporting-members\\\/#primaryimage\"},\"image\":{\"@id\":\"https:\\\/\\\/www.uap-org.be\\\/nl\\\/supporting-members\\\/#primaryimage\"},\"thumbnailUrl\":\"https:\\\/\\\/www.uap-org.be\\\/wp-content\\\/uploads\\\/2022\\\/11\\\/photo-1473621038790-b778b4750efe.jpg\",\"datePublished\":\"2022-11-25T11:00:57+00:00\",\"dateModified\":\"2024-10-24T19:00:12+00:00\",\"description\":\"Als onze actie vooral gebaseerd is op de betrokkenheid van de ambachtslieden zelf, heeft onze organisatie het geluk te kunnen profiteren van de steun van\",\"breadcrumb\":{\"@id\":\"https:\\\/\\\/www.uap-org.be\\\/nl\\\/supporting-members\\\/#breadcrumb\"},\"inLanguage\":\"nl-NL\",\"potentialAction\":[{\"@type\":\"ReadAction\",\"target\":[\"https:\\\/\\\/www.uap-org.be\\\/nl\\\/supporting-members\\\/\"]}]},{\"@type\":\"ImageObject\",\"inLanguage\":\"nl-NL\",\"@id\":\"https:\\\/\\\/www.uap-org.be\\\/nl\\\/supporting-members\\\/#primaryimage\",\"url\":\"https:\\\/\\\/www.uap-org.be\\\/wp-content\\\/uploads\\\/2022\\\/11\\\/photo-1473621038790-b778b4750efe.jpg\",\"contentUrl\":\"https:\\\/\\\/www.uap-org.be\\\/wp-content\\\/uploads\\\/2022\\\/11\\\/photo-1473621038790-b778b4750efe.jpg\",\"width\":1172,\"height\":780},{\"@type\":\"BreadcrumbList\",\"@id\":\"https:\\\/\\\/www.uap-org.be\\\/nl\\\/supporting-members\\\/#breadcrumb\",\"itemListElement\":[{\"@type\":\"ListItem\",\"position\":1,\"name\":\"Accueil\",\"item\":\"https:\\\/\\\/www.uap-org.be\\\/nl\\\/\"},{\"@type\":\"ListItem\",\"position\":2,\"name\":\"Sympathiserende leden\"}]},{\"@type\":\"WebSite\",\"@id\":\"https:\\\/\\\/www.uap-org.be\\\/nl\\\/#website\",\"url\":\"https:\\\/\\\/www.uap-org.be\\\/nl\\\/\",\"name\":\"UAP - Unie der Ambachtslieden van het Patrimonium\",\"description\":\"\",\"publisher\":{\"@id\":\"https:\\\/\\\/www.uap-org.be\\\/nl\\\/#organization\"},\"potentialAction\":[{\"@type\":\"SearchAction\",\"target\":{\"@type\":\"EntryPoint\",\"urlTemplate\":\"https:\\\/\\\/www.uap-org.be\\\/nl\\\/?s={search_term_string}\"},\"query-input\":{\"@type\":\"PropertyValueSpecification\",\"valueRequired\":true,\"valueName\":\"search_term_string\"}}],\"inLanguage\":\"nl-NL\"},{\"@type\":\"Organization\",\"@id\":\"https:\\\/\\\/www.uap-org.be\\\/nl\\\/#organization\",\"name\":\"UAP - Unie der Ambachtslieden van het Patrimonium\",\"url\":\"https:\\\/\\\/www.uap-org.be\\\/nl\\\/\",\"logo\":{\"@type\":\"ImageObject\",\"inLanguage\":\"nl-NL\",\"@id\":\"https:\\\/\\\/www.uap-org.be\\\/nl\\\/#\\\/schema\\\/logo\\\/image\\\/\",\"url\":\"https:\\\/\\\/www.uap-org.be\\\/wp-content\\\/uploads\\\/2022\\\/12\\\/logo.png\",\"contentUrl\":\"https:\\\/\\\/www.uap-org.be\\\/wp-content\\\/uploads\\\/2022\\\/12\\\/logo.png\",\"width\":512,\"height\":512,\"caption\":\"UAP - Unie der Ambachtslieden van het Patrimonium\"},\"image\":{\"@id\":\"https:\\\/\\\/www.uap-org.be\\\/nl\\\/#\\\/schema\\\/logo\\\/image\\\/\"},\"sameAs\":[\"https:\\\/\\\/www.facebook.com\\\/profile.php?id=100064548768119\",\"https:\\\/\\\/www.linkedin.com\\\/in\\\/uap-union-des-artisans-du-patrimoine-a5a51614a\\\/\"]}]}<\/script>\n<!-- \/ Yoast SEO plugin. -->","yoast_head_json":{"title":"Sympathiserende leden - UAP - Unie der Ambachtslieden van het Patrimonium","description":"Als onze actie vooral gebaseerd is op de betrokkenheid van de ambachtslieden zelf, heeft onze organisatie het geluk te kunnen profiteren van de steun van","robots":{"index":"index","follow":"follow","max-snippet":"max-snippet:-1","max-image-preview":"max-image-preview:large","max-video-preview":"max-video-preview:-1"},"canonical":"https:\/\/www.uap-org.be\/nl\/supporting-members\/","og_locale":"nl_NL","og_type":"article","og_title":"Sympathiserende leden - UAP - Unie der Ambachtslieden van het Patrimonium","og_description":"Als onze actie vooral gebaseerd is op de betrokkenheid van de ambachtslieden zelf, heeft onze organisatie het geluk te kunnen profiteren van de steun van","og_url":"https:\/\/www.uap-org.be\/nl\/supporting-members\/","og_site_name":"UAP - Unie der Ambachtslieden van het Patrimonium","article_publisher":"https:\/\/www.facebook.com\/profile.php?id=100064548768119","article_modified_time":"2024-10-24T19:00:12+00:00","og_image":[{"width":512,"height":512,"url":"https:\/\/www.uap-org.be\/wp-content\/uploads\/2022\/12\/logo.png","type":"image\/png"}],"twitter_card":"summary_large_image","twitter_misc":{"Geschatte leestijd":"4 minuten"},"schema":{"@context":"https:\/\/schema.org","@graph":[{"@type":"WebPage","@id":"https:\/\/www.uap-org.be\/nl\/supporting-members\/","url":"https:\/\/www.uap-org.be\/nl\/supporting-members\/","name":"Sympathiserende leden - UAP - Unie der Ambachtslieden van het Patrimonium","isPartOf":{"@id":"https:\/\/www.uap-org.be\/nl\/#website"},"primaryImageOfPage":{"@id":"https:\/\/www.uap-org.be\/nl\/supporting-members\/#primaryimage"},"image":{"@id":"https:\/\/www.uap-org.be\/nl\/supporting-members\/#primaryimage"},"thumbnailUrl":"https:\/\/www.uap-org.be\/wp-content\/uploads\/2022\/11\/photo-1473621038790-b778b4750efe.jpg","datePublished":"2022-11-25T11:00:57+00:00","dateModified":"2024-10-24T19:00:12+00:00","description":"Als onze actie vooral gebaseerd is op de betrokkenheid van de ambachtslieden zelf, heeft onze organisatie het geluk te kunnen profiteren van de steun van","breadcrumb":{"@id":"https:\/\/www.uap-org.be\/nl\/supporting-members\/#breadcrumb"},"inLanguage":"nl-NL","potentialAction":[{"@type":"ReadAction","target":["https:\/\/www.uap-org.be\/nl\/supporting-members\/"]}]},{"@type":"ImageObject","inLanguage":"nl-NL","@id":"https:\/\/www.uap-org.be\/nl\/supporting-members\/#primaryimage","url":"https:\/\/www.uap-org.be\/wp-content\/uploads\/2022\/11\/photo-1473621038790-b778b4750efe.jpg","contentUrl":"https:\/\/www.uap-org.be\/wp-content\/uploads\/2022\/11\/photo-1473621038790-b778b4750efe.jpg","width":1172,"height":780},{"@type":"BreadcrumbList","@id":"https:\/\/www.uap-org.be\/nl\/supporting-members\/#breadcrumb","itemListElement":[{"@type":"ListItem","position":1,"name":"Accueil","item":"https:\/\/www.uap-org.be\/nl\/"},{"@type":"ListItem","position":2,"name":"Sympathiserende leden"}]},{"@type":"WebSite","@id":"https:\/\/www.uap-org.be\/nl\/#website","url":"https:\/\/www.uap-org.be\/nl\/","name":"UAP - Unie der Ambachtslieden van het Patrimonium","description":"","publisher":{"@id":"https:\/\/www.uap-org.be\/nl\/#organization"},"potentialAction":[{"@type":"SearchAction","target":{"@type":"EntryPoint","urlTemplate":"https:\/\/www.uap-org.be\/nl\/?s={search_term_string}"},"query-input":{"@type":"PropertyValueSpecification","valueRequired":true,"valueName":"search_term_string"}}],"inLanguage":"nl-NL"},{"@type":"Organization","@id":"https:\/\/www.uap-org.be\/nl\/#organization","name":"UAP - Unie der Ambachtslieden van het Patrimonium","url":"https:\/\/www.uap-org.be\/nl\/","logo":{"@type":"ImageObject","inLanguage":"nl-NL","@id":"https:\/\/www.uap-org.be\/nl\/#\/schema\/logo\/image\/","url":"https:\/\/www.uap-org.be\/wp-content\/uploads\/2022\/12\/logo.png","contentUrl":"https:\/\/www.uap-org.be\/wp-content\/uploads\/2022\/12\/logo.png","width":512,"height":512,"caption":"UAP - Unie der Ambachtslieden van het Patrimonium"},"image":{"@id":"https:\/\/www.uap-org.be\/nl\/#\/schema\/logo\/image\/"},"sameAs":["https:\/\/www.facebook.com\/profile.php?id=100064548768119","https:\/\/www.linkedin.com\/in\/uap-union-des-artisans-du-patrimoine-a5a51614a\/"]}]}},"_links":{"self":[{"href":"https:\/\/www.uap-org.be\/nl\/wp-json\/wp\/v2\/pages\/2142","targetHints":{"allow":["GET"]}}],"collection":[{"href":"https:\/\/www.uap-org.be\/nl\/wp-json\/wp\/v2\/pages"}],"about":[{"href":"https:\/\/www.uap-org.be\/nl\/wp-json\/wp\/v2\/types\/page"}],"author":[{"embeddable":true,"href":"https:\/\/www.uap-org.be\/nl\/wp-json\/wp\/v2\/users\/1"}],"replies":[{"embeddable":true,"href":"https:\/\/www.uap-org.be\/nl\/wp-json\/wp\/v2\/comments?post=2142"}],"version-history":[{"count":17,"href":"https:\/\/www.uap-org.be\/nl\/wp-json\/wp\/v2\/pages\/2142\/revisions"}],"predecessor-version":[{"id":2418,"href":"https:\/\/www.uap-org.be\/nl\/wp-json\/wp\/v2\/pages\/2142\/revisions\/2418"}],"wp:featuredmedia":[{"embeddable":true,"href":"https:\/\/www.uap-org.be\/nl\/wp-json\/wp\/v2\/media\/897"}],"wp:attachment":[{"href":"https:\/\/www.uap-org.be\/nl\/wp-json\/wp\/v2\/media?parent=2142"}],"curies":[{"name":"wp","href":"https:\/\/api.w.org\/{rel}","templated":true}]}}